{"id":98,"date":"2023-09-09T15:47:04","date_gmt":"2023-09-09T18:47:04","guid":{"rendered":"https:\/\/dayseamarilio.com.br\/index.php\/our-services\/"},"modified":"2024-06-10T10:35:48","modified_gmt":"2024-06-10T13:35:48","slug":"quem-sou","status":"publish","type":"page","link":"https:\/\/dayseamarilio.com.br\/index.php\/quem-sou\/","title":{"rendered":"Quem Sou"},"content":{"rendered":"\t\t<div data-elementor-type=\"wp-page\" data-elementor-id=\"98\" class=\"elementor elementor-98\" data-elementor-post-type=\"page\">\n\t\t\t\t\t\t\t<div class=\"elementor-element elementor-element-9e59fe0 e-flex e-con-boxed e-con e-parent\" data-id=\"9e59fe0\" data-element_type=\"container\" data-settings=\"{&quot;content_width&quot;:&quot;boxed&quot;}\" data-core-v316-plus=\"true\">\n\t\t\t\t\t<div class=\"e-con-inner\">\n\t\t<div class=\"elementor-element elementor-element-e1fe4f2 e-flex e-con-boxed e-con e-child\" data-id=\"e1fe4f2\" data-element_type=\"container\" data-settings=\"{&quot;content_width&quot;:&quot;boxed&quot;}\">\n\t\t\t\t\t<div class=\"e-con-inner\">\n\t\t\t\t<div class=\"elementor-element elementor-element-96e00bd elementor-widget elementor-widget-heading\" data-id=\"96e00bd\" data-element_type=\"widget\" data-widget_type=\"heading.default\">\n\t\t\t\t<div class=\"elementor-widget-container\">\n\t\t\t<style>\/*! elementor - v3.17.0 - 25-10-2023 *\/\n.elementor-heading-title{padding:0;margin:0;line-height:1}.elementor-widget-heading .elementor-heading-title[class*=elementor-size-]>a{color:inherit;font-size:inherit;line-height:inherit}.elementor-widget-heading .elementor-heading-title.elementor-size-small{font-size:15px}.elementor-widget-heading .elementor-heading-title.elementor-size-medium{font-size:19px}.elementor-widget-heading .elementor-heading-title.elementor-size-large{font-size:29px}.elementor-widget-heading .elementor-heading-title.elementor-size-xl{font-size:39px}.elementor-widget-heading .elementor-heading-title.elementor-size-xxl{font-size:59px}<\/style><h2 class=\"elementor-heading-title elementor-size-default\">Minha hist\u00f3ria<\/h2>\t\t<\/div>\n\t\t\t\t<\/div>\n\t\t\t\t<div class=\"elementor-element elementor-element-dc0f635 elementor-widget elementor-widget-heading\" data-id=\"dc0f635\" data-element_type=\"widget\" data-settings=\"{&quot;_animation&quot;:&quot;none&quot;,&quot;_animation_delay&quot;:400}\" data-widget_type=\"heading.default\">\n\t\t\t\t<div class=\"elementor-widget-container\">\n\t\t\t<h2 class=\"elementor-heading-title elementor-size-default\">Dayse Amarilio \u00e9 natural de Bel\u00e9m do Par\u00e1. Ela nasceu em 17 de setembro de 1977 e veio para Bras\u00edlia ainda menina com a fam\u00edlia.  \nFormada em Enfermagem pela Universidade de Bras\u00edlia (UnB), a enfermeira obstetra esteve \u00e0 frente da presid\u00eancia do Sindicato dos Enfermeiros por seis anos. Em 2022, ap\u00f3s licenciar-se da entidade, ela foi e<span style=\"color: var( --e-global-color-text ); font-family: var( --e-global-typography-text-font-family ), Sans-serif; font-size: var( --e-global-typography-text-font-size ); font-weight: var( --e-global-typography-text-font-weight ); background-color: var( --e-global-color-c696dce );\">leita para ocupar uma cadeira na C\u00e2mara Legislativa (CLDF) e em janeiro de 2023 assumiu seu primeiro mandato parlamentar. <\/span> Na CLDF, Dayse, que tamb\u00e9m \u00e9 professora, vai continuar lutando pelos profissionais da enfermagem, defendendo o SUS, mas pretende ampliar sua atua\u00e7\u00e3o dando VEZ e VOZ a quem precisa.\n<\/h2>\t\t<\/div>\n\t\t\t\t<\/div>\n\t\t\t\t\t<\/div>\n\t\t\t\t<\/div>\n\t\t\t\t\t<\/div>\n\t\t\t\t<\/div>\n\t\t<div class=\"elementor-element elementor-element-9469c74 e-con-full e-flex e-con e-parent\" data-id=\"9469c74\" data-element_type=\"container\" data-settings=\"{&quot;content_width&quot;:&quot;full&quot;}\" data-core-v316-plus=\"true\">\n\t\t<div class=\"elementor-element elementor-element-d0c634d e-con-full e-flex e-con e-child\" data-id=\"d0c634d\" data-element_type=\"container\" data-settings=\"{&quot;content_width&quot;:&quot;full&quot;}\">\n\t\t\t\t<div class=\"elementor-element elementor-element-4d51511 elementor-widget__width-initial elementor-widget elementor-widget-image\" data-id=\"4d51511\" data-element_type=\"widget\" data-widget_type=\"image.default\">\n\t\t\t\t<div class=\"elementor-widget-container\">\n\t\t\t<style>\/*! elementor - v3.17.0 - 25-10-2023 *\/\n.elementor-widget-image{text-align:center}.elementor-widget-image a{display:inline-block}.elementor-widget-image a img[src$=\".svg\"]{width:48px}.elementor-widget-image img{vertical-align:middle;display:inline-block}<\/style>\t\t\t\t\t\t\t\t\t\t\t\t<img decoding=\"async\" src=\"https:\/\/dayseamarilio.com.br\/wp-content\/uploads\/elementor\/thumbs\/IMG_0884-menor-qf4h9fa4yp6pdj3vyqkk9cif757f552uuv30593cow.jpg\" title=\"IMG_0884-menor\" alt=\"IMG_0884-menor\" loading=\"lazy\" \/>\t\t\t\t\t\t\t\t\t\t\t\t\t\t\t<\/div>\n\t\t\t\t<\/div>\n\t\t\t\t<\/div>\n\t\t<div class=\"elementor-element elementor-element-6edf510 e-con-full e-flex e-con e-child\" data-id=\"6edf510\" data-element_type=\"container\" data-settings=\"{&quot;content_width&quot;:&quot;full&quot;}\">\n\t\t\t\t<div class=\"elementor-element elementor-element-9ba0785 elementor-tabs-view-horizontal elementor-widget elementor-widget-tabs\" data-id=\"9ba0785\" data-element_type=\"widget\" data-widget_type=\"tabs.default\">\n\t\t\t\t<div class=\"elementor-widget-container\">\n\t\t\t<style>\/*! elementor - v3.17.0 - 25-10-2023 *\/\n.elementor-widget-tabs.elementor-tabs-view-vertical .elementor-tabs-wrapper{width:25%;flex-shrink:0}.elementor-widget-tabs.elementor-tabs-view-vertical .elementor-tab-desktop-title.elementor-active{border-right-style:none}.elementor-widget-tabs.elementor-tabs-view-vertical .elementor-tab-desktop-title.elementor-active:after,.elementor-widget-tabs.elementor-tabs-view-vertical .elementor-tab-desktop-title.elementor-active:before{height:999em;width:0;right:0;border-right-style:solid}.elementor-widget-tabs.elementor-tabs-view-vertical .elementor-tab-desktop-title.elementor-active:before{top:0;transform:translateY(-100%)}.elementor-widget-tabs.elementor-tabs-view-vertical .elementor-tab-desktop-title.elementor-active:after{top:100%}.elementor-widget-tabs.elementor-tabs-view-horizontal .elementor-tab-desktop-title{display:table-cell}.elementor-widget-tabs.elementor-tabs-view-horizontal .elementor-tab-desktop-title.elementor-active{border-bottom-style:none}.elementor-widget-tabs.elementor-tabs-view-horizontal .elementor-tab-desktop-title.elementor-active:after,.elementor-widget-tabs.elementor-tabs-view-horizontal .elementor-tab-desktop-title.elementor-active:before{bottom:0;height:0;width:999em;border-bottom-style:solid}.elementor-widget-tabs.elementor-tabs-view-horizontal .elementor-tab-desktop-title.elementor-active:before{right:100%}.elementor-widget-tabs.elementor-tabs-view-horizontal .elementor-tab-desktop-title.elementor-active:after{left:100%}.elementor-widget-tabs .elementor-tab-content,.elementor-widget-tabs .elementor-tab-title,.elementor-widget-tabs .elementor-tab-title:after,.elementor-widget-tabs .elementor-tab-title:before,.elementor-widget-tabs .elementor-tabs-content-wrapper{border:1px #d5d8dc}.elementor-widget-tabs .elementor-tabs{text-align:left}.elementor-widget-tabs .elementor-tabs-wrapper{overflow:hidden}.elementor-widget-tabs .elementor-tab-title{cursor:pointer;outline:var(--focus-outline,none)}.elementor-widget-tabs .elementor-tab-desktop-title{position:relative;padding:20px 25px;font-weight:700;line-height:1;border:solid transparent}.elementor-widget-tabs .elementor-tab-desktop-title.elementor-active{border-color:#d5d8dc}.elementor-widget-tabs .elementor-tab-desktop-title.elementor-active:after,.elementor-widget-tabs .elementor-tab-desktop-title.elementor-active:before{display:block;content:\"\";position:absolute}.elementor-widget-tabs .elementor-tab-desktop-title:focus-visible{border:1px solid #000}.elementor-widget-tabs .elementor-tab-mobile-title{padding:10px;cursor:pointer}.elementor-widget-tabs .elementor-tab-content{padding:20px;display:none}@media (max-width:767px){.elementor-tabs .elementor-tab-content,.elementor-tabs .elementor-tab-title{border-style:solid solid none}.elementor-tabs .elementor-tabs-wrapper{display:none}.elementor-tabs .elementor-tabs-content-wrapper{border-bottom-style:solid}.elementor-tabs .elementor-tab-content{padding:10px}}@media (min-width:768px){.elementor-widget-tabs.elementor-tabs-view-vertical .elementor-tabs{display:flex}.elementor-widget-tabs.elementor-tabs-view-vertical .elementor-tabs-wrapper{flex-direction:column}.elementor-widget-tabs.elementor-tabs-view-vertical .elementor-tabs-content-wrapper{flex-grow:1;border-style:solid solid solid none}.elementor-widget-tabs.elementor-tabs-view-horizontal .elementor-tab-content{border-style:none solid solid}.elementor-widget-tabs.elementor-tabs-alignment-center .elementor-tabs-wrapper,.elementor-widget-tabs.elementor-tabs-alignment-end .elementor-tabs-wrapper,.elementor-widget-tabs.elementor-tabs-alignment-stretch .elementor-tabs-wrapper{display:flex}.elementor-widget-tabs.elementor-tabs-alignment-center .elementor-tabs-wrapper{justify-content:center}.elementor-widget-tabs.elementor-tabs-alignment-end .elementor-tabs-wrapper{justify-content:flex-end}.elementor-widget-tabs.elementor-tabs-alignment-stretch.elementor-tabs-view-horizontal .elementor-tab-title{width:100%}.elementor-widget-tabs.elementor-tabs-alignment-stretch.elementor-tabs-view-vertical .elementor-tab-title{height:100%}.elementor-tabs .elementor-tab-mobile-title{display:none}}<\/style>\t\t<div class=\"elementor-tabs\">\n\t\t\t<div class=\"elementor-tabs-wrapper\" role=\"tablist\" >\n\t\t\t\t\t\t\t\t\t<div id=\"elementor-tab-title-1631\" class=\"elementor-tab-title elementor-tab-desktop-title\" aria-selected=\"true\" data-tab=\"1\" role=\"tab\" tabindex=\"0\" aria-controls=\"elementor-tab-content-1631\" aria-expanded=\"false\">M\u00e3e<\/div>\n\t\t\t\t\t\t\t\t\t<div id=\"elementor-tab-title-1632\" class=\"elementor-tab-title elementor-tab-desktop-title\" aria-selected=\"false\" data-tab=\"2\" role=\"tab\" tabindex=\"-1\" aria-controls=\"elementor-tab-content-1632\" aria-expanded=\"false\">Deputada<\/div>\n\t\t\t\t\t\t\t\t\t<div id=\"elementor-tab-title-1633\" class=\"elementor-tab-title elementor-tab-desktop-title\" aria-selected=\"false\" data-tab=\"3\" role=\"tab\" tabindex=\"-1\" aria-controls=\"elementor-tab-content-1633\" aria-expanded=\"false\">Enfermeira<\/div>\n\t\t\t\t\t\t\t\t\t<div id=\"elementor-tab-title-1634\" class=\"elementor-tab-title elementor-tab-desktop-title\" aria-selected=\"false\" data-tab=\"4\" role=\"tab\" tabindex=\"-1\" aria-controls=\"elementor-tab-content-1634\" aria-expanded=\"false\">Mulher<\/div>\n\t\t\t\t\t\t\t\t\t<div id=\"elementor-tab-title-1635\" class=\"elementor-tab-title elementor-tab-desktop-title\" aria-selected=\"false\" data-tab=\"5\" role=\"tab\" tabindex=\"-1\" aria-controls=\"elementor-tab-content-1635\" aria-expanded=\"false\">Guaraense Raiz<\/div>\n\t\t\t\t\t\t\t\t\t<div id=\"elementor-tab-title-1636\" class=\"elementor-tab-title elementor-tab-desktop-title\" aria-selected=\"false\" data-tab=\"6\" role=\"tab\" tabindex=\"-1\" aria-controls=\"elementor-tab-content-1636\" aria-expanded=\"false\">Servidora P\u00fablica<\/div>\n\t\t\t\t\t\t\t<\/div>\n\t\t\t<div class=\"elementor-tabs-content-wrapper\" role=\"tablist\" aria-orientation=\"vertical\">\n\t\t\t\t\t\t\t\t\t<div class=\"elementor-tab-title elementor-tab-mobile-title\" aria-selected=\"true\" data-tab=\"1\" role=\"tab\" tabindex=\"0\" aria-controls=\"elementor-tab-content-1631\" aria-expanded=\"false\">M\u00e3e<\/div>\n\t\t\t\t\t<div id=\"elementor-tab-content-1631\" class=\"elementor-tab-content elementor-clearfix\" data-tab=\"1\" role=\"tabpanel\" aria-labelledby=\"elementor-tab-title-1631\" tabindex=\"0\" hidden=\"false\"><p><span style=\"font-weight: 400;\">Sou m\u00e3e do Altair, um rapaz de 20 anos que sempre foi minha for\u00e7a e participou ativamente de todas as minhas decis\u00f5es.<\/span><\/p><p><span style=\"font-weight: 400;\">Altair, meu filhote, como costumo chamar, at\u00e9 comp\u00f4s uma m\u00fasica em minha homenagem. E foi somente depois que ele concordou em me dividir com o Distrito Federal que me senti segura para entrar na vida p\u00fablica e concorrer a uma cadeira como deputada distrital.<\/span><\/p><p><span style=\"font-weight: 400;\">Essa minha caracter\u00edstica de m\u00e3ezona fica evidente nas minhas lutas di\u00e1rias. Tento sempre ser acolhedora e atenta aos m\u00ednimos detalhes. Luto pelas pessoas, pelas categorias, por projetos s\u00e9rios, sempre buscando o di\u00e1logo e ouvindo todas as partes envolvidas.<\/span><\/p><p><span style=\"font-weight: 400;\">Saber que meu filho sente um enorme orgulho de mim \u00e9 a melhor e maior prova de estar no rumo certo.<\/span><\/p><\/div>\n\t\t\t\t\t\t\t\t\t<div class=\"elementor-tab-title elementor-tab-mobile-title\" aria-selected=\"false\" data-tab=\"2\" role=\"tab\" tabindex=\"-1\" aria-controls=\"elementor-tab-content-1632\" aria-expanded=\"false\">Deputada<\/div>\n\t\t\t\t\t<div id=\"elementor-tab-content-1632\" class=\"elementor-tab-content elementor-clearfix\" data-tab=\"2\" role=\"tabpanel\" aria-labelledby=\"elementor-tab-title-1632\" tabindex=\"0\" hidden=\"hidden\"><p><span style=\"font-weight: 400;\">Confesso: eu tinha raiva da pol\u00edtica! N\u00e3o gostava nem de conversar sobre o assunto.<\/span><\/p><p><span style=\"font-weight: 400;\">Mas a dor e o descaso sofrido pelos profissionais de enfermagem me moveram para caminhos que antes eu nem sonhava.<\/span><\/p><p><span style=\"font-weight: 400;\">Primeiro me tornei presidente do SindEnfermeiro.<\/span><\/p><p><span style=\"font-weight: 400;\">Em 2022, aos 45 do 2\u00ba tempo, com autoriza\u00e7\u00e3o e apoio do meu filho e da minha fam\u00edlia, me candidatei para concorrer a uma vaga na C\u00e2mara Legislativa do DF.<\/span><\/p><p><span style=\"font-weight: 400;\">E desde 1\u00ba de janeiro de 2023, nosso mandato luta pelos profissionais de enfermagem, pelo servidor e servi\u00e7o p\u00fablico, pela sa\u00fade, educa\u00e7\u00e3o e pela implanta\u00e7\u00e3o de pol\u00edticas p\u00fablicas que beneficiem as mulheres do DF, os idosos, os mais vulner\u00e1veis e a sociedade como um todo.<\/span><\/p><p><span style=\"font-weight: 400;\">Minha miss\u00e3o \u00e9 fazer pol\u00edtica com garra, transpar\u00eancia, respeito, alma e, principalmente, sensibilidade.<\/span><\/p><p><span style=\"font-weight: 400;\">N\u00e3o estou aqui para fazer uma oposi\u00e7\u00e3o rigorosa e muito menos uma alian\u00e7a incondicional com o governo.<\/span><\/p><p><span style=\"font-weight: 400;\">Estou aqui representando o povo do DF e para o povo do DF.<\/span><\/p><\/div>\n\t\t\t\t\t\t\t\t\t<div class=\"elementor-tab-title elementor-tab-mobile-title\" aria-selected=\"false\" data-tab=\"3\" role=\"tab\" tabindex=\"-1\" aria-controls=\"elementor-tab-content-1633\" aria-expanded=\"false\">Enfermeira<\/div>\n\t\t\t\t\t<div id=\"elementor-tab-content-1633\" class=\"elementor-tab-content elementor-clearfix\" data-tab=\"3\" role=\"tabpanel\" aria-labelledby=\"elementor-tab-title-1633\" tabindex=\"0\" hidden=\"hidden\"><p><span style=\"font-weight: 400;\">Me apaixonei pela enfermagem aos 15 anos. Na \u00e9poca em que me formei no ensino m\u00e9dio, a \u00fanica op\u00e7\u00e3o pra mim era a Universidade de Bras\u00edlia. Sempre ouvi que para ingressar na UnB, precisaria ser rica ou estudar muito. N\u00e3o sendo rica, me dediquei aos estudos e consegui.<\/span><\/p><p><span style=\"font-weight: 400;\">Iniciei uma hist\u00f3ria de luta e supera\u00e7\u00e3o que transformou minha vida, a da minha fam\u00edlia e das pessoas ao meu redor. Fui a primeira residente de enfermagem obst\u00e9trica do DF, lutei e vou continuar lutando pela valoriza\u00e7\u00e3o dos profissionais de enfermagem e da sa\u00fade, pelo fortalecimento do SUS e por uma sa\u00fade p\u00fablica acess\u00edvel, de qualidade e cont\u00ednua.<\/span><\/p><p><span style=\"font-weight: 400;\">Para mim, ser enfermeira \u00e9 olhar para o ser humano em sua totalidade, cuidar das pessoas com empatia, ci\u00eancia e amor.<\/span><\/p><p><span style=\"font-weight: 400;\">Sempre digo que hoje eu estou como deputada distrital, mas sou e sempre serei enfermeira!<\/span><\/p><p><strong>\u00c9 do LUTO \u00e0 LUTA!<\/strong><\/p><\/div>\n\t\t\t\t\t\t\t\t\t<div class=\"elementor-tab-title elementor-tab-mobile-title\" aria-selected=\"false\" data-tab=\"4\" role=\"tab\" tabindex=\"-1\" aria-controls=\"elementor-tab-content-1634\" aria-expanded=\"false\">Mulher<\/div>\n\t\t\t\t\t<div id=\"elementor-tab-content-1634\" class=\"elementor-tab-content elementor-clearfix\" data-tab=\"4\" role=\"tabpanel\" aria-labelledby=\"elementor-tab-title-1634\" tabindex=\"0\" hidden=\"hidden\"><p><span style=\"font-weight: 400;\">Na minha inf\u00e2ncia, ap\u00f3s a separa\u00e7\u00e3o dos meus pais, vivenciei de perto a dolorosa realidade da viol\u00eancia dom\u00e9stica. Minha m\u00e3e, em seu novo relacionamento, suportava em sil\u00eancio as diversas formas de agress\u00e3o, sem compreender completamente o que estava acontecendo ou como poderia escapar dessa situa\u00e7\u00e3o. E essa lament\u00e1vel realidade se repete com in\u00fameras outras mulheres e fam\u00edlias, presas em um ciclo de viol\u00eancia dif\u00edcil de se identificar.<\/span><\/p><p><span style=\"font-weight: 400;\">Juntos, eu, meus irm\u00e3os e minha m\u00e3e superamos esses desafios por meio da nossa uni\u00e3o, da busca pelo conhecimento e do desenvolvimento de uma consci\u00eancia social. Essas experi\u00eancias moldaram quem eu sou hoje: uma mulher, m\u00e3e, esposa, filha, irm\u00e3, amiga, enfermeira e professora.<\/span><\/p><p><span style=\"font-weight: 400;\">Essa jornada pessoal me transformou e refor\u00e7ou o prop\u00f3sito da minha vida e do meu mandato: dar voz e vez a todas essas mulheres, filhos e fam\u00edlias que enfrentam sofrimentos semelhantes aos que eu j\u00e1 vivenciei.<\/span><\/p><p><span style=\"font-weight: 400;\">Acredito no poder do empoderamento, do autoconhecimento e da consci\u00eancia social para garantir que as mulheres tenham a oportunidade de expressar suas opini\u00f5es com autonomia e igualdade em todas as esferas da vida.<\/span><\/p><p><span style=\"font-weight: 400;\">Isso implica em levar a discuss\u00e3o para as escolas, envolver meninos e homens nos debates, abordar a inser\u00e7\u00e3o das mulheres no mercado de trabalho, incentivar sua participa\u00e7\u00e3o na pol\u00edtica e respeitar as escolhas individuais de cada uma.<\/span><\/p><p><span style=\"font-weight: 400;\">\u00c9 essencial ocuparmos muitos espa\u00e7os, ter poder e representatividade.<\/span><\/p><p><span style=\"font-weight: 400;\">Juntas e juntos na luta pelos direitos e liberdade das mulheres, podemos combater a viol\u00eancia de g\u00eanero!<\/span><\/p><\/div>\n\t\t\t\t\t\t\t\t\t<div class=\"elementor-tab-title elementor-tab-mobile-title\" aria-selected=\"false\" data-tab=\"5\" role=\"tab\" tabindex=\"-1\" aria-controls=\"elementor-tab-content-1635\" aria-expanded=\"false\">Guaraense Raiz<\/div>\n\t\t\t\t\t<div id=\"elementor-tab-content-1635\" class=\"elementor-tab-content elementor-clearfix\" data-tab=\"5\" role=\"tabpanel\" aria-labelledby=\"elementor-tab-title-1635\" tabindex=\"0\" hidden=\"hidden\"><p style=\"text-align: justify; margin: 0cm 0cm 8.0pt 0cm;\"><span style=\"color: black;\">Pouca gente sabe, mas a deputada Dayse Amarilio (PSB), chegou ao Guar\u00e1 ainda pequenina e vive na cidade at\u00e9 hoje. L\u00e1 ela fincou ra\u00edzes e formou fam\u00edlia. A cidade foi o lugar que, a paraense de nascen\u00e7a e <b>GUARAENSE RAIZ<\/b>, escolheu para criar seu \u00fanico filho, hoje com 20 anos.<\/span><\/p><p style=\"text-align: justify; margin: 0cm 0cm 8.0pt 0cm;\"><span style=\"color: black;\">Ao chegar ao parlamento, Dayse elegeu a cidade como uma das prioridades de seu mandato. Durante todo o ano, a enfermeira, professora e agora deputada distrital investiu e realizou fiscaliza\u00e7\u00f5es em prol do Guar\u00e1. Desde o in\u00edcio da sua atua\u00e7\u00e3o parlamentar, em janeiro de 2023, Dayse Amarilio\u00a0j\u00e1 destinou mais de <b>R$ 11,1 milh\u00f5es<\/b> em emendas parlamentares para a\u00e7\u00f5es diretas no Guar\u00e1.\u00a0<\/span><\/p><p style=\"text-align: justify; margin: 0cm 0cm 8.0pt 0cm;\"><i><span style=\"color: black;\">\u201cConhe\u00e7o os problemas e demandas do Guar\u00e1 de perto. Por isso, tenho trabalhado muito pela revitaliza\u00e7\u00e3o e pelo progresso da nossa cidade. Meu mandato tem sido uma trincheira de luta em defesa da nossa regi\u00e3o. Quero que os moradores da cidade saibam que nosso gabinete est\u00e1 com as portas abertas, \u00e0 disposi\u00e7\u00e3o&#8221;,<\/span><\/i><span style=\"color: black;\"> diz a deputada.<\/span><b><span style=\"font-size: 18.0pt; color: black;\">\u00a0<\/span><\/b><\/p><p style=\"text-align: justify; margin: 0cm 0cm 8.0pt 0cm;\"><span style=\"color: black;\">Ao longo desse per\u00edodo, a parlamentar protocolou in\u00fameras indica\u00e7\u00f5es sugerindo ao Governo do DF que realizasse a\u00e7\u00f5es de compet\u00eancia do Poder Executivo, al\u00e9m de requerimentos solicitando informa\u00e7\u00f5es da Administra\u00e7\u00e3o P\u00fablica sobre assuntos sujeitos \u00e0 fiscaliza\u00e7\u00e3o na regi\u00e3o.\u00a0<\/span><\/p><p style=\"text-align: justify; margin: 0cm 0cm 8.0pt 0cm;\"><span style=\"color: black;\">Dayse tamb\u00e9m j\u00e1 realizou fiscaliza\u00e7\u00f5es em todas as unidades de sa\u00fade da cidade, fez a indica\u00e7\u00e3o para revitaliza\u00e7\u00e3o do Complexo Esportivo e de Lazer do Guar\u00e1 (Cave) e uma grande vit\u00f3ria de seu mandato, <b>provocada pelo Conselho de Cultura da cidade<\/b>, foi o compromisso do governo da retirada do Teatro de Arena da proposta de concess\u00e3o do Cave, algo inimagin\u00e1vel at\u00e9 pouco tempo.\u00a0\u00a0<\/span><\/p><p style=\"text-align: justify; margin: 0cm 0cm 8.0pt 0cm;\"><span style=\"color: black;\">Outras a\u00e7\u00f5es do mandato de Dayse Amarilio foram as indica\u00e7\u00f5es solicitando a manuten\u00e7\u00e3o das Unidades B\u00e1sicas de Sa\u00fade (UBSs) 2 e 3 e tamb\u00e9m da Horta Comunit\u00e1ria da QE 38 e a instala\u00e7\u00e3o de quebra-molas e obras de drenagem no IAPI. Pedidos atendidos ou em andamento, para alegria da comunidade.<\/span><\/p><p style=\"text-align: justify; margin: 0cm 0cm 8.0pt 0cm;\"><span style=\"color: black;\">Segundo ela, <i>\u201cesse \u00e9 s\u00f3 o come\u00e7o\u201d. \u201cO Guar\u00e1 \u00e9 prioridade para mim e para meu mandato. Ao longo dos pr\u00f3ximos tr\u00eas anos, seguiremos investindo na cidade\u201d,<\/i> afirma.<\/span><\/p><\/div>\n\t\t\t\t\t\t\t\t\t<div class=\"elementor-tab-title elementor-tab-mobile-title\" aria-selected=\"false\" data-tab=\"6\" role=\"tab\" tabindex=\"-1\" aria-controls=\"elementor-tab-content-1636\" aria-expanded=\"false\">Servidora P\u00fablica<\/div>\n\t\t\t\t\t<div id=\"elementor-tab-content-1636\" class=\"elementor-tab-content elementor-clearfix\" data-tab=\"6\" role=\"tabpanel\" aria-labelledby=\"elementor-tab-title-1636\" tabindex=\"0\" hidden=\"hidden\"><p>Ap\u00f3s se formar como enfermeira Dayse tra\u00e7ou uma meta: ingressar no servi\u00e7o p\u00fablico. Para isso, o primeiro passo seria ser aprovada num concurso p\u00fablico. Com suas canetinhas em punho, muito estudo e dedica\u00e7\u00e3o ela conseguiu.<\/p><p>\u00a0<\/p><p>A jornada n\u00e3o foi f\u00e1cil, mas ela conseguiu. H\u00e1 mais de duas d\u00e9cadas Dayse Amarilio \u00e9 servidora p\u00fablica da Secretaria de Sa\u00fade do Distrito Federal (SESDF) e tamb\u00e9m professora de cursos preparat\u00f3rios para concursos e na gradua\u00e7\u00e3o e p\u00f3s-gradua\u00e7\u00e3o em institui\u00e7\u00f5es como Universidade Paulista (Unip), JK, Centro Universit\u00e1rio Unieuro e Universidade de Bras\u00edlia (UnB).\u00a0<\/p><p>Entre seus temas favoritos para ministrar aulas est\u00e3o sa\u00fade da mulher e obstetr\u00edcia, sa\u00fade p\u00fablica e doen\u00e7as transmiss\u00edveis em cursos preparat\u00f3rios para concursos presenciais e on-line.<\/p><\/div>\n\t\t\t\t\t\t\t<\/div>\n\t\t<\/div>\n\t\t\t\t<\/div>\n\t\t\t\t<\/div>\n\t\t\t\t<\/div>\n\t\t\t\t<\/div>\n\t\t\t\t\t\t\t<\/div>\n\t\t","protected":false},"excerpt":{"rendered":"<p>Minha hist\u00f3ria Dayse Amarilio \u00e9 natural de Bel\u00e9m do Par\u00e1. Ela nasceu em 17 de setembro de 1977 e veio para Bras\u00edlia ainda menina com a fam\u00edlia. Formada em Enfermagem pela Universidade de Bras\u00edlia (UnB), a enfermeira obstetra esteve \u00e0 frente da presid\u00eancia do Sindicato dos Enfermeiros por seis anos. Em 2022, ap\u00f3s licenciar-se da [&hellip;]<\/p>\n","protected":false},"author":1,"featured_media":0,"parent":0,"menu_order":0,"comment_status":"closed","ping_status":"closed","template":"elementor_header_footer","meta":{"_monsterinsights_skip_tracking":false,"_monsterinsights_sitenote_active":false,"_monsterinsights_sitenote_note":"","_monsterinsights_sitenote_category":0,"footnotes":""},"class_list":["post-98","page","type-page","status-publish","hentry"],"acf":[],"_links":{"self":[{"href":"https:\/\/dayseamarilio.com.br\/index.php\/wp-json\/wp\/v2\/pages\/98","targetHints":{"allow":["GET"]}}],"collection":[{"href":"https:\/\/dayseamarilio.com.br\/index.php\/wp-json\/wp\/v2\/pages"}],"about":[{"href":"https:\/\/dayseamarilio.com.br\/index.php\/wp-json\/wp\/v2\/types\/page"}],"author":[{"embeddable":true,"href":"https:\/\/dayseamarilio.com.br\/index.php\/wp-json\/wp\/v2\/users\/1"}],"replies":[{"embeddable":true,"href":"https:\/\/dayseamarilio.com.br\/index.php\/wp-json\/wp\/v2\/comments?post=98"}],"version-history":[{"count":122,"href":"https:\/\/dayseamarilio.com.br\/index.php\/wp-json\/wp\/v2\/pages\/98\/revisions"}],"predecessor-version":[{"id":2847,"href":"https:\/\/dayseamarilio.com.br\/index.php\/wp-json\/wp\/v2\/pages\/98\/revisions\/2847"}],"wp:attachment":[{"href":"https:\/\/dayseamarilio.com.br\/index.php\/wp-json\/wp\/v2\/media?parent=98"}],"curies":[{"name":"wp","href":"https:\/\/api.w.org\/{rel}","templated":true}]}}